{"id":1165,"date":"2021-11-14T16:44:23","date_gmt":"2021-11-14T16:44:23","guid":{"rendered":"https:\/\/araceligarcia.es\/?page_id=1165"},"modified":"2021-11-22T13:59:07","modified_gmt":"2021-11-22T13:59:07","slug":"foro-sensibilidades-y-sus-antologias","status":"publish","type":"page","link":"https:\/\/araceligarcia.es\/?page_id=1165","title":{"rendered":"Foro Sensibilidades y sus Antolog\u00edas"},"content":{"rendered":"<div class=\"gb-container gb-container-85f95d96\"><div class=\"gb-inside-container\">\n\n<p class=\"has-black-color has-text-color has-medium-font-size\"><strong>El foro de sensibilidades, creado por Lu\u00eds E. Prieto,&nbsp; es un foro literario en el que particip\u00e9 ejerciendo tambi\u00e9n labores de&nbsp;moderadora .&nbsp;Nunca podr\u00e9 agradecer suficientemente a Lu\u00eds su invitaci\u00f3n para que me uniese al foro ya que all\u00ed aprend\u00ed much\u00edsimo y he tenido la satisfacci\u00f3n de ser parte de un gran proyecto: la creaci\u00f3n de seis libros que son nuestro orgullo, no tanto por haber tenido la suerte de poder escribir en ellos como por ver conseguido el sue\u00f1o de muchas personas y&nbsp; comprobar que con el esfuerzo de todos,&nbsp; a pesar de la distancia, se pueden conseguir muchas cosas.<\/strong><\/p>\n\n\n\n<div class=\"wp-block-group\"><div class=\"wp-block-group__inner-container is-layout-flow wp-block-group-is-layout-flow\">\n<p><a href=\"https:\/\/araceligarcia.es\/wp-content\/uploads\/2021\/10\/Antologia1.pdf\" rel=\"attachment wp-att-619\"><img loading=\"lazy\" decoding=\"async\" class=\"alignnone size-full wp-image-619\" src=\"https:\/\/araceligarcia.es\/wp-content\/uploads\/2021\/10\/PRIMAVERA2002.jpg\" alt=\"\" width=\"142\" height=\"182\">&nbsp;<\/a> <a href=\"https:\/\/araceligarcia.es\/wp-content\/uploads\/2021\/10\/ANTOLOGIA-2-sensi.pdf\" rel=\"attachment wp-att-657\"><img loading=\"lazy\" decoding=\"async\" class=\"alignnone  wp-image-657\" src=\"https:\/\/araceligarcia.es\/wp-content\/uploads\/2021\/10\/sensiVERANO.jpg\" alt=\"\" width=\"139\" height=\"183\">&nbsp; &nbsp; <\/a><a href=\"https:\/\/araceligarcia.es\/wp-content\/uploads\/2021\/10\/ANTOLOGIA-3.pdf\" rel=\"attachment wp-att-656\"><img loading=\"lazy\" decoding=\"async\" class=\"alignnone  wp-image-656\" src=\"https:\/\/araceligarcia.es\/wp-content\/uploads\/2021\/10\/Sensi3145.gif\" alt=\"\" width=\"135\" height=\"181\">&nbsp;&nbsp;&nbsp;&nbsp; <\/a><a href=\"https:\/\/araceligarcia.es\/wp-content\/uploads\/2021\/10\/Antologia4.pdf\"><img loading=\"lazy\" decoding=\"async\" class=\"alignnone  wp-image-690\" src=\"https:\/\/araceligarcia.es\/wp-content\/uploads\/2021\/10\/TAPanv5.jpg\" alt=\"\" width=\"139\" height=\"178\">&nbsp;&nbsp;&nbsp; <\/a><a href=\"https:\/\/araceligarcia.es\/wp-content\/uploads\/2021\/10\/Antologia5.pdf\" rel=\"attachment wp-att-658\"><img loading=\"lazy\" decoding=\"async\" class=\"alignnone  wp-image-658\" src=\"https:\/\/araceligarcia.es\/wp-content\/uploads\/2021\/10\/Sesi4100.jpg\" alt=\"\" width=\"137\" height=\"175\">&nbsp;&nbsp;&nbsp;&nbsp; <\/a><a href=\"https:\/\/araceligarcia.es\/wp-content\/uploads\/2021\/10\/Antologiaoro.pdf\" rel=\"attachment wp-att-47\"><img loading=\"lazy\" decoding=\"async\" class=\"alignnone  wp-image-47\" src=\"https:\/\/araceligarcia.es\/wp-content\/uploads\/2021\/10\/antologiaoro.jpg\" alt=\"\" width=\"136\" height=\"174\"><\/a><\/p>\n<\/div><\/div>\n\n\n\n<div class=\"wp-block-group\"><div class=\"wp-block-group__inner-container is-layout-flow wp-block-group-is-layout-flow\">\n<div class=\"wp-block-image\"><figure class=\"aligncenter size-full\"><img loading=\"lazy\" decoding=\"async\" width=\"139\" height=\"108\" src=\"https:\/\/araceligarcia.es\/wp-content\/uploads\/2021\/10\/libros.gif\" alt=\"\" class=\"wp-image-479\"\/><\/figure><\/div>\n<\/div><\/div>\n\n\n\n<div class=\"wp-block-group\"><div class=\"wp-block-group__inner-container is-layout-flow wp-block-group-is-layout-flow\"><\/div><\/div>\n\n\n\n<p><\/p>\n\n\n\n<p><\/p>\n\n<\/div><\/div>\n\n<div class=\"gb-container gb-container-30364c34\"><div class=\"gb-inside-container\"><\/div><\/div>","protected":false},"excerpt":{"rendered":"<p>El foro de sensibilidades, creado por Lu\u00eds E. Prieto,&nbsp; es un foro literario en el que particip\u00e9 ejerciendo tambi\u00e9n labores de&nbsp;moderadora .&nbsp;Nunca podr\u00e9 agradecer suficientemente a Lu\u00eds su invitaci\u00f3n para que me uniese al foro ya que all\u00ed aprend\u00ed much\u00edsimo y he tenido la satisfacci\u00f3n de ser parte de un gran proyecto: la creaci\u00f3n de &#8230; <a title=\"Foro Sensibilidades y sus Antolog\u00edas\" class=\"read-more\" href=\"https:\/\/araceligarcia.es\/?page_id=1165\" aria-label=\"Leer m\u00e1s sobre Foro Sensibilidades y sus Antolog\u00edas\">Leer m\u00e1s<\/a><\/p>\n","protected":false},"author":2,"featured_media":0,"parent":0,"menu_order":0,"comment_status":"open","ping_status":"closed","template":"","meta":{"footnotes":""},"class_list":["post-1165","page","type-page","status-publish"],"_links":{"self":[{"href":"https:\/\/araceligarcia.es\/index.php?rest_route=\/wp\/v2\/pages\/1165","targetHints":{"allow":["GET"]}}],"collection":[{"href":"https:\/\/araceligarcia.es\/index.php?rest_route=\/wp\/v2\/pages"}],"about":[{"href":"https:\/\/araceligarcia.es\/index.php?rest_route=\/wp\/v2\/types\/page"}],"author":[{"embeddable":true,"href":"https:\/\/araceligarcia.es\/index.php?rest_route=\/wp\/v2\/users\/2"}],"replies":[{"embeddable":true,"href":"https:\/\/araceligarcia.es\/index.php?rest_route=%2Fwp%2Fv2%2Fcomments&post=1165"}],"version-history":[{"count":4,"href":"https:\/\/araceligarcia.es\/index.php?rest_route=\/wp\/v2\/pages\/1165\/revisions"}],"predecessor-version":[{"id":1171,"href":"https:\/\/araceligarcia.es\/index.php?rest_route=\/wp\/v2\/pages\/1165\/revisions\/1171"}],"wp:attachment":[{"href":"https:\/\/araceligarcia.es\/index.php?rest_route=%2Fwp%2Fv2%2Fmedia&parent=1165"}],"curies":[{"name":"wp","href":"https:\/\/api.w.org\/{rel}","templated":true}]}}